{"id":779,"date":"2014-10-21T14:33:24","date_gmt":"2014-10-21T14:33:24","guid":{"rendered":"http:\/\/www.marededeudelafont.org\/?page_id=779"},"modified":"2014-10-23T10:00:35","modified_gmt":"2014-10-23T10:00:35","slug":"peticio-de-la-coronacio-canonica","status":"publish","type":"page","link":"https:\/\/marededeudelafont.org\/?page_id=779","title":{"rendered":"Petici\u00f3 de la Coronaci\u00f3 Can\u00f3nica"},"content":{"rendered":"<p>&nbsp;<\/p>\n<p style=\"text-align: center;\"><strong>Replica del document de petici\u00f3 del rector de Villalonga\u00a0<\/strong><\/p>\n<p style=\"text-align: center;\"><a href=\"http:\/\/www.marededeudelafont.org\/wp-content\/uploads\/2014\/10\/1.jpg\"><img loading=\"lazy\" decoding=\"async\" class=\"alignnone  wp-image-817\" src=\"http:\/\/www.marededeudelafont.org\/wp-content\/uploads\/2014\/10\/1.jpg\" alt=\"1\" width=\"741\" height=\"551\" srcset=\"https:\/\/marededeudelafont.org\/wp-content\/uploads\/2014\/10\/1.jpg 920w, https:\/\/marededeudelafont.org\/wp-content\/uploads\/2014\/10\/1-450x334.jpg 450w, https:\/\/marededeudelafont.org\/wp-content\/uploads\/2014\/10\/1-820x609.jpg 820w\" sizes=\"auto, (max-width: 741px) 100vw, 741px\" \/><\/a><a href=\"http:\/\/www.marededeudelafont.org\/wp-content\/uploads\/2014\/10\/1_Solicitud-Parroco20_06_1951.jpg\"><br \/>\n<\/a> <a href=\"http:\/\/www.marededeudelafont.org\/wp-content\/uploads\/2014\/10\/2_Ad-Alejo-Sendra-06_1951.jpg\"><br \/>\n<\/a><\/p>\n<p style=\"text-align: center;\"><strong>Adhesi\u00f3 a la petici\u00f3 de D. Alejo Sendra\u00a0<\/strong><\/p>\n<p style=\"text-align: center;\"><a href=\"http:\/\/www.marededeudelafont.org\/wp-content\/uploads\/2014\/10\/2.jpg\"><img loading=\"lazy\" decoding=\"async\" class=\"alignnone wp-image-818\" src=\"http:\/\/www.marededeudelafont.org\/wp-content\/uploads\/2014\/10\/2.jpg\" alt=\"2\" width=\"748\" height=\"562\" srcset=\"https:\/\/marededeudelafont.org\/wp-content\/uploads\/2014\/10\/2.jpg 915w, https:\/\/marededeudelafont.org\/wp-content\/uploads\/2014\/10\/2-450x338.jpg 450w, https:\/\/marededeudelafont.org\/wp-content\/uploads\/2014\/10\/2-820x616.jpg 820w\" sizes=\"auto, (max-width: 748px) 100vw, 748px\" \/><\/a><\/p>\n<p style=\"text-align: center;\"><strong>Adhesi\u00f3 a la petici\u00f3 de la Confraria de la Mare de D\u00e9u<\/strong><\/p>\n<p><a href=\"http:\/\/www.marededeudelafont.org\/wp-content\/uploads\/2014\/10\/3.jpg\"><img loading=\"lazy\" decoding=\"async\" class=\"alignnone  wp-image-819\" src=\"http:\/\/www.marededeudelafont.org\/wp-content\/uploads\/2014\/10\/3.jpg\" alt=\"3\" width=\"792\" height=\"599\" srcset=\"https:\/\/marededeudelafont.org\/wp-content\/uploads\/2014\/10\/3.jpg 918w, https:\/\/marededeudelafont.org\/wp-content\/uploads\/2014\/10\/3-450x340.jpg 450w, https:\/\/marededeudelafont.org\/wp-content\/uploads\/2014\/10\/3-820x619.jpg 820w\" sizes=\"auto, (max-width: 792px) 100vw, 792px\" \/><\/a><\/p>\n<p style=\"text-align: center;\"><strong>Adhesi\u00f3 a la petici\u00f3 de les Associacions del Poble<\/strong><\/p>\n<p style=\"text-align: center;\"><strong><a href=\"http:\/\/www.marededeudelafont.org\/wp-content\/uploads\/2014\/10\/4.jpg\"><img loading=\"lazy\" decoding=\"async\" class=\"alignnone wp-image-820\" src=\"http:\/\/www.marededeudelafont.org\/wp-content\/uploads\/2014\/10\/4.jpg\" alt=\"4\" width=\"807\" height=\"605\" \/><\/a> <\/strong><\/p>\n<p style=\"text-align: center;\"><strong>Adhesi\u00f3 a la petici\u00f3 dels Mestres i Estudiants <\/strong><\/p>\n<p style=\"text-align: center;\"><a href=\"http:\/\/www.marededeudelafont.org\/wp-content\/uploads\/2014\/10\/5.jpg\"><img loading=\"lazy\" decoding=\"async\" class=\"alignnone wp-image-821 size-full\" src=\"http:\/\/www.marededeudelafont.org\/wp-content\/uploads\/2014\/10\/5-e1414057001391.jpg\" alt=\"5\" width=\"750\" height=\"569\" \/><\/a><\/p>\n<p style=\"text-align: center;\"><strong>Adhesi\u00f3 a la petici\u00f3 del Ajuntament <\/strong><a href=\"http:\/\/www.marededeudelafont.org\/wp-content\/uploads\/2014\/10\/6_Ad-Ayuntamiento-06_1951.jpg\"><br \/>\n<\/a><\/p>\n<p style=\"text-align: center;\"><a href=\"http:\/\/www.marededeudelafont.org\/wp-content\/uploads\/2014\/10\/6.jpg\"><img loading=\"lazy\" decoding=\"async\" class=\"alignnone wp-image-822 size-full\" src=\"http:\/\/www.marededeudelafont.org\/wp-content\/uploads\/2014\/10\/6-e1414057028842.jpg\" alt=\"6\" width=\"750\" height=\"576\" \/><\/a><\/p>\n<p style=\"text-align: center;\"><strong>Adhesi\u00f3 a la petici\u00f3 de les Parr\u00f2quies dels pobles ve\u00efns <\/strong><\/p>\n<p style=\"text-align: center;\"><a href=\"http:\/\/www.marededeudelafont.org\/wp-content\/uploads\/2014\/10\/7.jpg\"><img loading=\"lazy\" decoding=\"async\" class=\"alignnone wp-image-823 size-full\" src=\"http:\/\/www.marededeudelafont.org\/wp-content\/uploads\/2014\/10\/7-e1414057039991.jpg\" alt=\"7\" width=\"750\" height=\"562\" \/><\/a><\/p>\n<p style=\"text-align: center;\"><strong>Concessi\u00f3 Vaticana<\/strong><\/p>\n<p style=\"text-align: center;\"><strong><a href=\"http:\/\/www.marededeudelafont.org\/wp-content\/uploads\/2014\/10\/8.jpg\"><img loading=\"lazy\" decoding=\"async\" class=\"alignnone wp-image-824 size-full\" src=\"http:\/\/www.marededeudelafont.org\/wp-content\/uploads\/2014\/10\/8-e1414057050669.jpg\" alt=\"8\" width=\"750\" height=\"568\" \/><\/a> <\/strong><\/p>\n<p style=\"text-align: center;\"><strong>Hist\u00f2ria de la Mare de D\u00e9u per D. Alejo Sendra<\/strong><\/p>\n<p style=\"text-align: center;\">\n<p style=\"text-align: center;\"><a href=\"http:\/\/www.marededeudelafont.org\/wp-content\/uploads\/2014\/10\/9.jpg\"><img loading=\"lazy\" decoding=\"async\" class=\"alignnone size-full wp-image-826\" src=\"http:\/\/www.marededeudelafont.org\/wp-content\/uploads\/2014\/10\/9.jpg\" alt=\"9\" width=\"784\" height=\"583\" srcset=\"https:\/\/marededeudelafont.org\/wp-content\/uploads\/2014\/10\/9.jpg 784w, https:\/\/marededeudelafont.org\/wp-content\/uploads\/2014\/10\/9-450x334.jpg 450w\" sizes=\"auto, (max-width: 784px) 100vw, 784px\" \/><\/a><\/p>\n<p style=\"text-align: center;\">\n<p style=\"text-align: center;\"><a href=\"http:\/\/www.marededeudelafont.org\/wp-content\/uploads\/2014\/10\/10.jpg\"><img loading=\"lazy\" decoding=\"async\" class=\"alignnone size-full wp-image-825\" src=\"http:\/\/www.marededeudelafont.org\/wp-content\/uploads\/2014\/10\/10.jpg\" alt=\"10\" width=\"772\" height=\"589\" srcset=\"https:\/\/marededeudelafont.org\/wp-content\/uploads\/2014\/10\/10.jpg 772w, https:\/\/marededeudelafont.org\/wp-content\/uploads\/2014\/10\/10-450x343.jpg 450w\" sizes=\"auto, (max-width: 772px) 100vw, 772px\" \/><\/a><\/p>\n","protected":false},"excerpt":{"rendered":"<p>&nbsp; Replica del document de petici\u00f3 del rector de Villalonga\u00a0 Adhesi\u00f3 a la petici\u00f3 de D. Alejo Sendra\u00a0 Adhesi\u00f3 a la petici\u00f3 de la Confraria de la Mare de D\u00e9u Adhesi\u00f3 a la petici\u00f3 de les Associacions del Poble Adhesi\u00f3 a la petici\u00f3 dels Mestres i Estudiants Adhesi\u00f3 a la petici\u00f3 del Ajuntament Adhesi\u00f3 a [&hellip;]<\/p>\n","protected":false},"author":1,"featured_media":0,"parent":57,"menu_order":0,"comment_status":"closed","ping_status":"closed","template":"","meta":{"footnotes":""},"class_list":["post-779","page","type-page","status-publish","hentry"],"_links":{"self":[{"href":"https:\/\/marededeudelafont.org\/index.php?rest_route=\/wp\/v2\/pages\/779","targetHints":{"allow":["GET"]}}],"collection":[{"href":"https:\/\/marededeudelafont.org\/index.php?rest_route=\/wp\/v2\/pages"}],"about":[{"href":"https:\/\/marededeudelafont.org\/index.php?rest_route=\/wp\/v2\/types\/page"}],"author":[{"embeddable":true,"href":"https:\/\/marededeudelafont.org\/index.php?rest_route=\/wp\/v2\/users\/1"}],"replies":[{"embeddable":true,"href":"https:\/\/marededeudelafont.org\/index.php?rest_route=%2Fwp%2Fv2%2Fcomments&post=779"}],"version-history":[{"count":6,"href":"https:\/\/marededeudelafont.org\/index.php?rest_route=\/wp\/v2\/pages\/779\/revisions"}],"predecessor-version":[{"id":831,"href":"https:\/\/marededeudelafont.org\/index.php?rest_route=\/wp\/v2\/pages\/779\/revisions\/831"}],"up":[{"embeddable":true,"href":"https:\/\/marededeudelafont.org\/index.php?rest_route=\/wp\/v2\/pages\/57"}],"wp:attachment":[{"href":"https:\/\/marededeudelafont.org\/index.php?rest_route=%2Fwp%2Fv2%2Fmedia&parent=779"}],"curies":[{"name":"wp","href":"https:\/\/api.w.org\/{rel}","templated":true}]}}