{"id":57,"date":"2012-10-07T07:41:19","date_gmt":"2012-10-07T07:41:19","guid":{"rendered":"http:\/\/virgendelafuente.org\/?page_id=57"},"modified":"2012-10-25T11:45:28","modified_gmt":"2012-10-25T11:45:28","slug":"historia-3","status":"publish","type":"page","link":"https:\/\/marededeudelafont.org\/?page_id=57","title":{"rendered":"Historia"},"content":{"rendered":"<div>\u00a0\n<!-- Page-list plugin v.5.7 wordpress.org\/plugins\/page-list\/ -->\n<ul class=\"page-list subpages-page-list \">\n<li class=\"page_item page-item-680\"><a href=\"https:\/\/marededeudelafont.org\/?page_id=680\">Historia dels Tapissos al Corpus<\/a><\/li>\n<li class=\"page_item page-item-779\"><a href=\"https:\/\/marededeudelafont.org\/?page_id=779\">Petici\u00f3 de la Coronaci\u00f3 Can\u00f3nica<\/a><\/li>\n<li class=\"page_item page-item-858\"><a href=\"https:\/\/marededeudelafont.org\/?page_id=858\">Petxines de la C\u00fapula de la Capella de la Mare de Deu de la Font<\/a><\/li>\n<li class=\"page_item page-item-774\"><a href=\"https:\/\/marededeudelafont.org\/?page_id=774\">Tarjeta d&#8217;invitaci\u00f3<\/a><\/li>\n<li class=\"page_item page-item-677\"><a href=\"https:\/\/marededeudelafont.org\/?page_id=677\">Visita al Cementeri<\/a><\/li>\n<li class=\"page_item page-item-26\"><a href=\"https:\/\/marededeudelafont.org\/?page_id=26\">La trovalla<\/a><\/li>\n<li class=\"page_item page-item-163\"><a href=\"https:\/\/marededeudelafont.org\/?page_id=163\">Miracle de la Mare de D\u00e8u de la Font pel poble<\/a><\/li>\n<li class=\"page_item page-item-63\"><a href=\"https:\/\/marededeudelafont.org\/?page_id=63\">Document d&#8217;inscripci\u00f2 de la Asociaci\u00f3 de la Mare de D\u00e8u de la Font<\/a><\/li>\n<li class=\"page_item page-item-305 page_item_has_children\"><a href=\"https:\/\/marededeudelafont.org\/?page_id=305\">Processons de la Verge fora del poble<\/a>\n<ul class='children'>\n\t<li class=\"page_item page-item-719\"><a href=\"https:\/\/marededeudelafont.org\/?page_id=719\">Viatje a Gandia 1947<\/a><\/li>\n\t<li class=\"page_item page-item-650\"><a href=\"https:\/\/marededeudelafont.org\/?page_id=650\">Viatje a Val\u00e9ncia en 1954<\/a><\/li>\n\t<li class=\"page_item page-item-157\"><a href=\"https:\/\/marededeudelafont.org\/?page_id=157\">Viatje de la Mare de Deu a Gandia en 1962<\/a><\/li>\n<\/ul>\n<\/li>\n<li class=\"page_item page-item-300\"><a href=\"https:\/\/marededeudelafont.org\/?page_id=300\">Celebraci\u00f2 del patronatge Can\u00f2nic<\/a><\/li>\n<li class=\"page_item page-item-298\"><a href=\"https:\/\/marededeudelafont.org\/?page_id=298\">Romeria al \u00abRac\u00f3 del Duc\u00bb<\/a><\/li>\n<li class=\"page_item page-item-241\"><a href=\"https:\/\/marededeudelafont.org\/?page_id=241\">Corona\u00e7i\u00f2<\/a><\/li>\n\n<\/ul><\/div>\n","protected":false},"excerpt":{"rendered":"<p>\u00a0<\/p>\n","protected":false},"author":1,"featured_media":0,"parent":0,"menu_order":0,"comment_status":"open","ping_status":"open","template":"","meta":{"footnotes":""},"class_list":["post-57","page","type-page","status-publish","hentry"],"_links":{"self":[{"href":"https:\/\/marededeudelafont.org\/index.php?rest_route=\/wp\/v2\/pages\/57","targetHints":{"allow":["GET"]}}],"collection":[{"href":"https:\/\/marededeudelafont.org\/index.php?rest_route=\/wp\/v2\/pages"}],"about":[{"href":"https:\/\/marededeudelafont.org\/index.php?rest_route=\/wp\/v2\/types\/page"}],"author":[{"embeddable":true,"href":"https:\/\/marededeudelafont.org\/index.php?rest_route=\/wp\/v2\/users\/1"}],"replies":[{"embeddable":true,"href":"https:\/\/marededeudelafont.org\/index.php?rest_route=%2Fwp%2Fv2%2Fcomments&post=57"}],"version-history":[{"count":16,"href":"https:\/\/marededeudelafont.org\/index.php?rest_route=\/wp\/v2\/pages\/57\/revisions"}],"predecessor-version":[{"id":363,"href":"https:\/\/marededeudelafont.org\/index.php?rest_route=\/wp\/v2\/pages\/57\/revisions\/363"}],"wp:attachment":[{"href":"https:\/\/marededeudelafont.org\/index.php?rest_route=%2Fwp%2Fv2%2Fmedia&parent=57"}],"curies":[{"name":"wp","href":"https:\/\/api.w.org\/{rel}","templated":true}]}}