{"id":28,"date":"2012-10-07T06:24:14","date_gmt":"2012-10-07T06:24:14","guid":{"rendered":"http:\/\/virgendelafuente.org\/?page_id=28"},"modified":"2023-08-14T08:44:49","modified_gmt":"2023-08-14T08:44:49","slug":"la-capella","status":"publish","type":"page","link":"https:\/\/marededeudelafont.org\/?page_id=28","title":{"rendered":"La Capella"},"content":{"rendered":"<h2>Recorregut Virtual a la Capella de la Mare de Deu de la Font<br \/>\n<iframe loading=\"lazy\" src=\"https:\/\/www.youtube.com\/embed\/8rhyRaRdwSE\" width=\"820\" height=\"461\" frameborder=\"0\"><\/iframe><\/h2>\n<p>&nbsp;<\/p>\n<h2>CONSTRUCCIO DE LA PRIMERA CAPELLA DE LA MARE DE D\u00c9U<\/h2>\n<p>En l\u00b4any 1719 els parroquians de Villalonga comen\u00e7aren a fer acapte de diners per a sufragar la construccio d\u00b4una capelleta per a resguardar la seua verge de la intemperie, junt a la font, perque l\u00b4aigua fora eterna. Despr\u00e9s del robatori de la imatge i la miraculosa intercessi\u00f3 de la Mare de D\u00e9u que feu que un xiquet de bolquers indicara el lloc on es trovaba amagada la imatge, els ve\u00efns de Vilallonga la tornaren al lloc d\u00b4abans i torna a brollar copiosament l\u00b4aigua de la font. Aix\u00f2 va fer que decidiren eregir una ermita per a proporcionar seguretat a la imatge i per la seua veneraci\u00f3. La seua composici\u00f3 fou d\u00b4una sola nau amb un altar presidit per la venerada imatge.<\/p>\n<p>En la part frontal de l\u00b4altar de la capelleta hav\u00eda un quadre presidit per una representaci\u00f3 de la Mare de D\u00e9u de la Font, flanquejada per s\u00edmbols marians i per l\u00b4indispensable tema de Senent Pla.<\/p>\n<p>En la part baixa de l\u00b4altar estava situat un baix relleu repujat sobre llauna de bronze, enllaunat de llen\u00e7 i repintat. L\u00b4element de suport \u00e9s un panell de quatre taulers de fusta de pi. La composici\u00f3 del quadre es divideix en tres parts fonamentals:<\/p>\n<ul>\n<li>Una primera part, a l\u00b4esquerra de la Verge, on apareix un llenyater amb una destral partint llenya i, al costat, una carbonera traguent fum. Junt a aquestes figures, que es troben emmarcades per una decoraci\u00f3 vegetal amb forma circular, apareixen una serie d\u00b4elements, com un can\u00f3 i un tabal de guerra. En la part superior, trobem una au f\u00e8nix que trau flors per la boca. Junt a ella, hi ha la representaci\u00f3 d\u00b4una esgl\u00e9sia amb el seu campanar i una c\u00fapula. En la part esquerra apareixen dues estandards en representaci\u00f3 de la recient Guerra de Successi\u00f3.<\/li>\n<li>En la segona part, a la dreta de la Verge apareix el llenyater d\u00b4abans arreplegant una caixeta que sura en l\u00b4aigua i al seu costat, torna a apareixer agenollat i tocant una pandereta que porta en la m\u00e1.<\/li>\n<li>La tercera part correspon al centre del frontal, presidit per la Verge de la Font, envoltada per decoraci\u00f3 vegetal a mode de marc.<\/li>\n<\/ul>\n<p>&nbsp;<\/p>\n<h2>CONSTRUCCIO DE LA SEGON CAPELLA DE LA MARE DE D\u00c9U<\/h2>\n<p>La segon i actual capella es troba situada sobre el lloc on es produ\u00ed el miracle de les fonts. Fou comen\u00e7ada a construir l\u00b4any 1880, despr\u00e9s de 161 anys d\u00b4us de la primera ermita. L\u00b4artifex fou moss\u00e8n Joan Nogueroles que degut a la profunda devoci\u00f3 del poble per la Verge i a m\u00e9s, per les redu\u00efdes dimensions de l`ermita (la primera capelleta), van fer necess\u00e1ria la construcci\u00f3 de la actual capella. Per l\u00b4a construcci\u00f3 de la nova capella, es va nomenar una Junta d\u00b4Obres formada per l\u00b4alcalde Josep Pastor, els regidors Joan Giner, Fabi\u00e0 Mascarell, Josep Mart\u00ed i com a depositari el metge del poble D. Joan Giner.<\/p>\n<p>Pel mes de juny comen\u00e7aren a excavar la muntanyeta de l\u00b4ermita a fi de tenir espai suficient per a la nova construcci\u00f3. Aquesta fou la fe\u00efna m\u00e9s pesada. Va durar uns tres mesos de treball. Tot seguit, el 16 de septembre s\u00b4hi va posar la primera pedra. En l\u00b4any 1884 van finalitzar les obres de la nova i actual capella de la Mare de D\u00e8u de la Font i fou bene\u00efda en octubre, durant les festes patronals.<\/p>\n<p>Aquest esfor\u00e7 inicial del poble no es va acabar a\u00e7\u00ed, sino que ha continuat al llarg dels anys engalanant amb ornats, manisetes, quadres i altres millores, erigint-se la capella com a s\u00edmbol del poble i com a agra\u00efment a la Verge, proporcionant-li el lloc merescut.<br \/>\nLa construcci\u00f3 d\u00b4aquesta capella segu\u00ed un estil barroc, molt arrelat a la comarca. Es composa d\u00b4una planta longitudinal amb tres naus, una cap\u00e7alera recta, un cor als peus de la capella i una c\u00fapula sobre petxines en el transepte, coberta exteriorment amb teules blaves seguint l\u00b4tendencia barroca. Quant a la fa\u00e7ana, destaca el cornisament onejant, rematat per una s\u00e8rie de macetes amb acroteris. Al centre de la fa\u00e7ana, trobem un \u00f2val envoltat per una mena de safena que segueix la forma onejant del cornisament i una maceta amb acroteri a la part de dalt. Dins l\u00b4oval, trobem l\u00b4anagrama de la Verge Maria (Mater Amat\u00edssima). A la part inferior de la fa\u00e7ana, hi han dues parells de pilastres d\u00f2riques que flanquegen la porta d\u00b4acces, amb un entaulament partit on trobem dos macetes ornamentals als cantons. La porta superior de la porta, l\u00b4ocupa un front\u00f3 circular que cont\u00e9 unes manisetes al.lusives a la troballa i al miracle de la font. Al n\u00ednxol central hi ha una representaci\u00f3 de la Mare de D\u00e9u de la Font. El campanar es troba adossat a l\u00b4angle dret de la fa\u00e7ana seguint un estil semblant a les esgl\u00e9sies valencianes del segle XVIII.<\/p>\n<p>Pel que fa a l\u00b4interior, hi predomina l\u00b4ordre corinti, sobretot als capitells de les pilastres i als modillons de les cornises. Quant a l\u00b4ornament interior, destaquen les rosasses daurades que es troben al la savolta dels arcs de mig punt que ordenen les naus. En dos n\u00ednxols situats als peus de les naus laterals figura una escultura de la Divina Aurora i una Creu de la Santa Misi\u00f3 dels P.P. Pauls. Als laterals de la capella es disposen una serie de quadres representatius de la troballa i el posterior miracle de la Mare de D\u00e9u de la Font. Situant-nos a l\u00b4altar major trobem als laterals dos mosaics, un d\u00b4ells fa refer\u00e8ncia al patronatge de la Mare de D\u00e9u de la Font l\u00b4any 1962, amb l\u00b4declaraci\u00f3 feta pel Papa Juan XXIII i amb els noms dels confrares de l\u00b4Confrar\u00eda de la Verge de la Font. L\u00b4altre mosaic al.lusiu a la protecci\u00f3 de la Mare de D\u00e9u front al terratremol de l\u00b4any 1748.<\/p>\n<p>Darrere de l\u00b4altar major trobem un retaule esculpit en fusta, on est\u00e1 situada la venerada imatge de la Mare de D\u00e9u de la Font.<\/p>\n<p>Finalment a l\u00b4esquerra de l\u00b4altar esta situada la sagristia, que conserva un quadre de Moss\u00e9n Joan Nogueroles Esquerdo, principal promotor d\u00b4aquesta capella. Les restes d\u00b4aquest inoblidable religi\u00f3s foren enterrades a la mateix capella<\/p>\n","protected":false},"excerpt":{"rendered":"<p>Recorregut Virtual a la Capella de la Mare de Deu de la Font &nbsp; CONSTRUCCIO DE LA PRIMERA CAPELLA DE LA MARE DE D\u00c9U En l\u00b4any 1719 els parroquians de Villalonga comen\u00e7aren a fer acapte de diners per a sufragar la construccio d\u00b4una capelleta per a resguardar la seua verge de la intemperie, junt a [&hellip;]<\/p>\n","protected":false},"author":1,"featured_media":0,"parent":0,"menu_order":0,"comment_status":"open","ping_status":"open","template":"","meta":{"footnotes":""},"class_list":["post-28","page","type-page","status-publish","hentry"],"_links":{"self":[{"href":"https:\/\/marededeudelafont.org\/index.php?rest_route=\/wp\/v2\/pages\/28","targetHints":{"allow":["GET"]}}],"collection":[{"href":"https:\/\/marededeudelafont.org\/index.php?rest_route=\/wp\/v2\/pages"}],"about":[{"href":"https:\/\/marededeudelafont.org\/index.php?rest_route=\/wp\/v2\/types\/page"}],"author":[{"embeddable":true,"href":"https:\/\/marededeudelafont.org\/index.php?rest_route=\/wp\/v2\/users\/1"}],"replies":[{"embeddable":true,"href":"https:\/\/marededeudelafont.org\/index.php?rest_route=%2Fwp%2Fv2%2Fcomments&post=28"}],"version-history":[{"count":11,"href":"https:\/\/marededeudelafont.org\/index.php?rest_route=\/wp\/v2\/pages\/28\/revisions"}],"predecessor-version":[{"id":1096,"href":"https:\/\/marededeudelafont.org\/index.php?rest_route=\/wp\/v2\/pages\/28\/revisions\/1096"}],"wp:attachment":[{"href":"https:\/\/marededeudelafont.org\/index.php?rest_route=%2Fwp%2Fv2%2Fmedia&parent=28"}],"curies":[{"name":"wp","href":"https:\/\/api.w.org\/{rel}","templated":true}]}}